{"id":10723,"date":"2024-04-30T13:29:27","date_gmt":"2024-04-30T05:29:27","guid":{"rendered":"https:\/\/www.omccable.com\/?post_type=product&#038;p=10723"},"modified":"2025-07-28T10:21:51","modified_gmt":"2025-07-28T02:21:51","slug":"1f-toneable-flat-drop-cable-4-5x10-1mm-3-0mm-unit-cable","status":"publish","type":"product","link":"https:\/\/www.omccable.com\/pt\/produto\/1f-toneable-flat-drop-cable-4-5x10-1mm-3-0mm-unit-cable\/","title":{"rendered":"1F Cabo pendente plano tonific\u00e1vel 4,5 \u00d7 10,1 mm-3,0 mm Cabo unit\u00e1rio"},"content":{"rendered":"<p>O cabo 1F Toneable Flat Drop 4,5\u00d710,1mm oferece um cabo compacto e leve, por\u00e9m robusto, que oferece a durabilidade necess\u00e1ria para uso externo em plantas, juntamente com a flexibilidade necess\u00e1ria para<br \/>\ntight bends inside residences. A constru\u00e7\u00e3o deste cabo come\u00e7a com uma corda EZ-Bend robusta OFNR de fibra \u00fanica de 3,0 mm que forma o n\u00facleo da fibra. Duas hastes de fibra de vidro s\u00e3o adicionadas, diametralmente opostas, em cada lado do n\u00facleo da fibra. Um fio de cobre 24 AWG \u00e9 alinhado ao longo da borda externa de uma das hastes de fibra de vidro para fornecer capacidade de localiza\u00e7\u00e3o. O fio de localiza\u00e7\u00e3o, as hastes dos membros de resist\u00eancia e o n\u00facleo de fibra s\u00e3o ent\u00e3o encapsulados em uma capa de polietileno dur\u00e1vel (PE) para criar uma se\u00e7\u00e3o transversal de cabo plana e fornecer prote\u00e7\u00e3o adicional ao n\u00facleo do cabo.<\/p>\n<p>Este cabo drop plano mini ton\u00e1vel oferece uma solu\u00e7\u00e3o de fibra \u00f3ptica compacta, dur\u00e1vel e f\u00e1cil de localizar em uma constru\u00e7\u00e3o prontamente acess\u00edvel. O design com membrana do cabo de fibra \u00f3ptica \u00e9 para instala\u00e7\u00f5es autossustent\u00e1veis, enterradas diretamente e em dutos. Ideal para aplica\u00e7\u00f5es de queda, oferecendo facilidade de acesso e f\u00e1cil instala\u00e7\u00e3o.<\/p>\n<p>&nbsp;<\/p>\n<p><strong><b>Projeto de dupla finalidade:<\/b><\/strong><\/p>\n<ul>\n<li>O cabo completo \u00e9 usado como drop externo<\/li>\n<li>The inner sub-unit is a stand-alone 3 mm<\/li>\n<li>cabo simplex com fibra buffer apertada de 900 m\u00edcrons<\/li>\n<\/ul>\n<p>&nbsp;<\/p>\n<p><strong><b>Totalmente diel\u00e9trico ou ton\u00e1vel<\/b><\/strong><\/p>\n<ul>\n<li>A vers\u00e3o totalmente diel\u00e9trica elimina a necessidade de liga\u00e7\u00e3o ou aterramento<\/li>\n<li>O fio opcional de tom 24 AWG \u00e9 facilmente separado do cabo<\/li>\n<\/ul>\n<p>&nbsp;<\/p>\n<p><strong><b>Tecnologia de bloqueio de \u00e1gua seca<\/b><\/strong><\/p>\n<ul>\n<li>Permite r\u00e1pida prepara\u00e7\u00e3o e termina\u00e7\u00e3o de cabos<\/li>\n<li>Materiais bloqueadores de \u00e1gua s\u00e3o facilmente removidos<\/li>\n<\/ul>\n<p>&nbsp;<\/p>\n<p><strong><b>Design vers\u00e1til<\/b><\/strong><\/p>\n<ul>\n<li>O cabo externo robusto resiste a condi\u00e7\u00f5es dif\u00edceis na planta externa<\/li>\n<li>O cabo externo \u00e9 facilmente removido para segmentos que v\u00e3o para ambientes internos<\/li>\n<li>A subunidade Simplex \u00e9 compacta e listada na UL para uso interno, buffer herm\u00e9tico de 900 m\u00edcrons para f\u00e1cil conex\u00e3o<\/li>\n<li>Pode ser usado a\u00e9reo ou em duto<\/li>\n<\/ul>\n<p>&nbsp;<\/p>\n<p><strong><b>Projeto de membro de resist\u00eancia dupla<\/b><\/strong><\/p>\n<ul>\n<li>Cabe em um grampo de cunha padr\u00e3o (bra\u00e7adeira P)<\/li>\n<li>Totalmente autossustent\u00e1vel<\/li>\n<li>Uma \u00f3tima alternativa onde barras de resist\u00eancia de a\u00e7o n\u00e3o s\u00e3o permitidas<\/li>\n<\/ul>\n<p>&nbsp;<\/p>\n<p><strong><b>Revestimento externo em polietileno de m\u00e9dia densidade<\/b><\/strong><\/p>\n<ul>\n<li>Instala\u00e7\u00e3o de baixo atrito<\/li>\n<li>Excelente prote\u00e7\u00e3o contra riscos ambientais<\/li>\n<\/ul>\n<p>&nbsp;<\/p>\n<p><strong><b>Marca\u00e7\u00f5es de bainha<\/b><\/strong><\/p>\n<ul>\n<li>Fornece identifica\u00e7\u00e3o positiva e verifica\u00e7\u00e3o de comprimento<\/li>\n<li>Impress\u00e3o personalizada dispon\u00edvel<\/li>\n<\/ul>\n<p><strong><b>\u00a0<\/b><\/strong><\/p>\n<p><b><\/b><strong>Cabo<\/strong><strong>estrutura<\/strong><strong>\u00a0<\/strong><strong>e<\/strong><strong>\u00a0<\/strong><strong>par\u00e2metro<\/strong><\/p>\n<table>\n<tbody>\n<tr>\n<td width=\"144\">Item<\/td>\n<td width=\"111\">Conte\u00fado<\/td>\n<td width=\"85\">Unidade<\/td>\n<td width=\"369\">Valor<\/td>\n<\/tr>\n<tr>\n<td rowspan=\"3\" width=\"144\">&nbsp;<\/p>\n<p>Fibra \u00d3ptica<\/td>\n<td width=\"111\">n\u00famero do modelo<\/td>\n<td width=\"85\">\/<\/td>\n<td width=\"369\">G657A1\/G657A2<\/td>\n<\/tr>\n<tr>\n<td width=\"111\">n\u00famero<\/td>\n<td width=\"85\">\/<\/td>\n<td width=\"369\">1<\/td>\n<\/tr>\n<tr>\n<td width=\"111\">Cor<\/td>\n<td width=\"85\">\/<\/td>\n<td width=\"369\">azul<\/td>\n<\/tr>\n<tr>\n<td rowspan=\"2\" width=\"144\">Membro de for\u00e7a<\/td>\n<td width=\"111\">Materiais<\/td>\n<td width=\"85\">\/<\/td>\n<td width=\"369\">PRF<\/td>\n<\/tr>\n<tr>\n<td width=\"111\">Di\u00e2metro<\/td>\n<td width=\"85\">mil\u00edmetros<\/td>\n<td width=\"369\">1.6<\/td>\n<\/tr>\n<tr>\n<td rowspan=\"3\" width=\"144\">Buffer apertado<\/td>\n<td width=\"111\">cor<\/td>\n<td width=\"85\">\/<\/td>\n<td width=\"369\">Branco<\/td>\n<\/tr>\n<tr>\n<td width=\"111\">materiais<\/td>\n<td width=\"85\">\/<\/td>\n<td width=\"369\">LSZH<\/td>\n<\/tr>\n<tr>\n<td width=\"111\">di\u00e2metro<\/td>\n<td width=\"85\">mil\u00edmetros<\/td>\n<td width=\"369\">0.9<\/td>\n<\/tr>\n<tr>\n<td rowspan=\"3\" width=\"144\">&nbsp;<\/p>\n<p>Jaqueta interna<\/td>\n<td width=\"111\">Di\u00e2metro<\/td>\n<td width=\"85\">mil\u00edmetros<\/td>\n<td width=\"369\">3,0\u00b10,1<\/td>\n<\/tr>\n<tr>\n<td width=\"111\">Materiais<\/td>\n<td width=\"85\">\/<\/td>\n<td width=\"369\">LSZH<\/td>\n<\/tr>\n<tr>\n<td width=\"111\">Cor<\/td>\n<td width=\"85\">\/<\/td>\n<td width=\"369\">branco<\/td>\n<\/tr>\n<tr>\n<td rowspan=\"3\" width=\"144\">&nbsp;<\/p>\n<p>Jaqueta externa<\/td>\n<td width=\"111\">Di\u00e2metro<\/td>\n<td width=\"85\">mil\u00edmetros<\/td>\n<td width=\"369\">4,5\u00b10,3*10,1\u00b10,5<\/td>\n<\/tr>\n<tr>\n<td width=\"111\">Materiais<\/td>\n<td width=\"85\">\/<\/td>\n<td width=\"369\">PEAD<\/td>\n<\/tr>\n<tr>\n<td width=\"111\">Cor<\/td>\n<td width=\"85\">\/<\/td>\n<td width=\"369\">Preto<\/td>\n<\/tr>\n<tr>\n<td width=\"144\">Cord\u00e3o de abertura<\/td>\n<td width=\"111\">Materiais<\/td>\n<td width=\"85\">\/<\/td>\n<td width=\"369\">\/<\/td>\n<\/tr>\n<tr>\n<td rowspan=\"2\" width=\"144\">fio de suporte<\/td>\n<td width=\"111\">Materiais<\/td>\n<td width=\"85\">\/<\/td>\n<td width=\"369\">condutor de cobre<\/td>\n<\/tr>\n<tr>\n<td width=\"111\">Di\u00e2metro<\/td>\n<td width=\"85\"><\/td>\n<td width=\"369\">0.5<\/td>\n<\/tr>\n<tr>\n<td rowspan=\"2\" width=\"144\">Desempenho de tra\u00e7\u00e3o<\/td>\n<td width=\"111\">Curto prazo<\/td>\n<td width=\"85\">N<\/td>\n<td width=\"369\">1350N (tens\u00e3o de fibra\u22640,8%)<\/td>\n<\/tr>\n<tr>\n<td width=\"111\">Longo prazo<\/td>\n<td width=\"85\">N<\/td>\n<td width=\"369\">600<\/td>\n<\/tr>\n<tr>\n<td rowspan=\"2\" width=\"144\">Esmagamento<\/td>\n<td width=\"111\">Curto prazo<\/td>\n<td width=\"85\">N\/100mm<\/td>\n<td width=\"369\">1000<\/td>\n<\/tr>\n<tr>\n<td width=\"111\">Longo prazo<\/td>\n<td width=\"85\">N\/100mm<\/td>\n<td width=\"369\">300<\/td>\n<\/tr>\n<tr>\n<td colspan=\"2\" width=\"256\">Atenua\u00e7\u00e3o do cabo<\/td>\n<td width=\"85\">dB\/km<\/td>\n<td width=\"369\">\u2266 0,4 em 1310 nm, \u2266 0,3 em 1550 nm<\/td>\n<\/tr>\n<tr>\n<td colspan=\"2\" width=\"256\">Peso do cabo (aprox.)<\/td>\n<td width=\"85\">kg\/km<\/td>\n<td width=\"369\">42.3<\/td>\n<\/tr>\n<\/tbody>\n<\/table>","protected":false},"excerpt":{"rendered":"<p>O cabo 1F Toneable Flat Drop 4,5 \u00d7 10,1 mm oferece um cabo compacto e leve, por\u00e9m robusto, que oferece a durabilidade necess\u00e1ria para uso externo em plantas, juntamente com a flexibilidade necess\u00e1ria para curvas apertadas dentro de resid\u00eancias. A constru\u00e7\u00e3o deste cabo come\u00e7a com uma corda EZ-Bend robusta OFNR de fibra \u00fanica de 3,0 mm que forma o n\u00facleo da fibra. Duas hastes de fibra de vidro s\u00e3o [\u2026]<\/p>","protected":false},"featured_media":10725,"comment_status":"closed","ping_status":"closed","template":"","meta":{"site-sidebar-layout":"default","site-content-layout":"","ast-site-content-layout":"default","site-content-style":"default","site-sidebar-style":"default","ast-global-header-display":"","ast-banner-title-visibility":"","ast-main-header-display":"","ast-hfb-above-header-display":"","ast-hfb-below-header-display":"","ast-hfb-mobile-header-display":"","site-post-title":"","ast-breadcrumbs-content":"","ast-featured-img":"","footer-sml-layout":"","theme-transparent-header-meta":"default","adv-header-id-meta":"","stick-header-meta":"default","header-above-stick-meta":"","header-main-stick-meta":"","header-below-stick-meta":"","astra-migrate-meta-layouts":"set","ast-page-background-enabled":"default","ast-page-background-meta":{"desktop":{"background-color":"var(--ast-global-color-4)","background-image":"","background-repeat":"repeat","background-position":"center center","background-size":"auto","background-attachment":"scroll","background-type":"","background-media":"","overlay-type":"","overlay-color":"","overlay-gradient":""},"tablet":{"background-color":"","background-image":"","background-repeat":"repeat","background-position":"center center","background-size":"auto","background-attachment":"scroll","background-type":"","background-media":"","overlay-type":"","overlay-color":"","overlay-gradient":""},"mobile":{"background-color":"","background-image":"","background-repeat":"repeat","background-position":"center center","background-size":"auto","background-attachment":"scroll","background-type":"","background-media":"","overlay-type":"","overlay-color":"","overlay-gradient":""}},"ast-content-background-meta":{"desktop":{"background-color":"var(--ast-global-color-5)","background-image":"","background-repeat":"repeat","background-position":"center center","background-size":"auto","background-attachment":"scroll","background-type":"","background-media":"","overlay-type":"","overlay-color":"","overlay-gradient":""},"tablet":{"background-color":"var(--ast-global-color-5)","background-image":"","background-repeat":"repeat","background-position":"center center","background-size":"auto","background-attachment":"scroll","background-type":"","background-media":"","overlay-type":"","overlay-color":"","overlay-gradient":""},"mobile":{"background-color":"var(--ast-global-color-5)","background-image":"","background-repeat":"repeat","background-position":"center center","background-size":"auto","background-attachment":"scroll","background-type":"","background-media":"","overlay-type":"","overlay-color":"","overlay-gradient":""}}},"product_cat":[122,133],"product_tag":[],"class_list":{"0":"post-10723","1":"product","2":"type-product","3":"status-publish","4":"has-post-thumbnail","6":"product_cat-ftth-drop-cable","7":"product_cat-toneable-flat-drop-cable","8":"desktop-align-left","9":"tablet-align-left","10":"mobile-align-left","11":"ast-product-gallery-layout-horizontal-slider","12":"ast-product-tabs-layout-horizontal","14":"first","15":"instock","16":"shipping-taxable","17":"product-type-simple"},"acf":[],"_links":{"self":[{"href":"https:\/\/www.omccable.com\/pt\/wp-json\/wp\/v2\/product\/10723","targetHints":{"allow":["GET"]}}],"collection":[{"href":"https:\/\/www.omccable.com\/pt\/wp-json\/wp\/v2\/product"}],"about":[{"href":"https:\/\/www.omccable.com\/pt\/wp-json\/wp\/v2\/types\/product"}],"replies":[{"embeddable":true,"href":"https:\/\/www.omccable.com\/pt\/wp-json\/wp\/v2\/comments?post=10723"}],"version-history":[{"count":2,"href":"https:\/\/www.omccable.com\/pt\/wp-json\/wp\/v2\/product\/10723\/revisions"}],"predecessor-version":[{"id":13281,"href":"https:\/\/www.omccable.com\/pt\/wp-json\/wp\/v2\/product\/10723\/revisions\/13281"}],"wp:featuredmedia":[{"embeddable":true,"href":"https:\/\/www.omccable.com\/pt\/wp-json\/wp\/v2\/media\/10725"}],"wp:attachment":[{"href":"https:\/\/www.omccable.com\/pt\/wp-json\/wp\/v2\/media?parent=10723"}],"wp:term":[{"taxonomy":"product_cat","embeddable":true,"href":"https:\/\/www.omccable.com\/pt\/wp-json\/wp\/v2\/product_cat?post=10723"},{"taxonomy":"product_tag","embeddable":true,"href":"https:\/\/www.omccable.com\/pt\/wp-json\/wp\/v2\/product_tag?post=10723"}],"curies":[{"name":"wp","href":"https:\/\/api.w.org\/{rel}","templated":true}]}}